{"id":5334,"date":"2016-01-28T15:44:46","date_gmt":"2016-01-28T14:44:46","guid":{"rendered":"https:\/\/campingbellerive.fr\/hebergements-emplacements-camping-bellerive\/"},"modified":"2026-01-05T17:17:55","modified_gmt":"2026-01-05T16:17:55","slug":"hebergements-emplacements-camping-bellerive","status":"publish","type":"page","link":"https:\/\/campingbellerive.fr\/pt-pt\/hebergements-emplacements-camping-bellerive\/","title":{"rendered":"H\u00e9bergements et emplacements"},"content":{"rendered":"<p><script>\n    (function(t,h,e,l,i,s,R,E,S,A){\n        t[i]={},t[i][s]=t[i][s]||function(){\n            if(1===arguments.length){return t[i].a[arguments[0]]||null}\n            else{t[i].a=t[i].a||[]; t[i].a[arguments[0]] = arguments[1];}\n        },\n            R=h.createElement(e),E=h.getElementsByTagName(e)[0];\n        R.async=1;R.src=l;E.parentNode.insertBefore(R,E)\n    })(window,document,\"script\",\"https:\/\/thelisresa.webcamp.fr\/ilib\/v4\/?categories&favorites&onenight&searchengine&simpleblock\",\"thelisresa\",\"ilib\");\n    thelisresa.ilib('camping', 'bellerive');\n    thelisresa.ilib('language', 'fr');\n<\/script><\/p>\n<h2 style=\"text-align: center;\"><\/h2>\n<h2 style=\"text-align: center;\"><span style=\"color: #36bdef; font-family: 'Trebuchet MS', Helvetica, sans-serif; font-size: 32px;\">Alojamentos e locais no camping Paradis Bellerive<\/span><\/h2>\n<p style=\"text-align: center;\"><strong><span style=\"font-family: 'Trebuchet MS', Helvetica, sans-serif; font-size: 28px; color: #f19000;\">Os Lavandes climatizado (casa m\u00f3vel) 2 quartos &#8211; 6 pessoas no Camping Paradis Bellerive<\/span><\/strong><\/p>\n<div id=\"gallery-0\" class=\"wpex-gallery wpex-row lightbox-group clr\"><figure class=\"gallery-item span_1_of_3 col col-1\"><a href=\"https:\/\/campingbellerive.fr\/wp-content\/uploads\/20180729_111134-2.jpg\" title=\"\" class=\"wpex-lightbox-group-item\" data-type=\"image\"><img loading=\"lazy\" decoding=\"async\" src=\"https:\/\/campingbellerive.fr\/wp-content\/uploads\/20180729_111134-2-1024x1024.jpg\" width=\"1024\" height=\"1024\" alt=\"20180729 111134 2\" \/><\/a><\/figure><figure class=\"gallery-item span_1_of_3 col col-2\"><a href=\"https:\/\/campingbellerive.fr\/wp-content\/uploads\/20150620_182619-2.jpg\" title=\"\" class=\"wpex-lightbox-group-item\" data-type=\"image\"><img loading=\"lazy\" decoding=\"async\" src=\"https:\/\/campingbellerive.fr\/wp-content\/uploads\/20150620_182619-2-1024x1000.jpg\" width=\"1024\" height=\"1000\" alt=\"Ext\u00e9rieur\" \/><\/a><\/figure><figure class=\"gallery-item span_1_of_3 col col-3\"><a href=\"https:\/\/campingbellerive.fr\/wp-content\/uploads\/20150620_183345-1.jpg\" title=\"\" class=\"wpex-lightbox-group-item\" data-type=\"image\"><img loading=\"lazy\" decoding=\"async\" src=\"https:\/\/campingbellerive.fr\/wp-content\/uploads\/20150620_183345-1-1024x1001.jpg\" width=\"1024\" height=\"1001\" alt=\"Salon\" \/><\/a><\/figure><figure class=\"gallery-item span_1_of_3 col col-1\"><a href=\"https:\/\/campingbellerive.fr\/wp-content\/uploads\/20150620_183351-2.jpg\" title=\"\" class=\"wpex-lightbox-group-item\" data-type=\"image\"><img loading=\"lazy\" decoding=\"async\" src=\"https:\/\/campingbellerive.fr\/wp-content\/uploads\/20150620_183351-2-1024x1001.jpg\" width=\"1024\" height=\"1001\" alt=\"Cuisine\" \/><\/a><\/figure><figure class=\"gallery-item span_1_of_3 col col-2\"><a href=\"https:\/\/campingbellerive.fr\/wp-content\/uploads\/20150621_123333-2.jpg\" title=\"\" class=\"wpex-lightbox-group-item\" data-type=\"image\"><img loading=\"lazy\" decoding=\"async\" src=\"https:\/\/campingbellerive.fr\/wp-content\/uploads\/20150621_123333-2-1024x1000.jpg\" width=\"1024\" height=\"1000\" alt=\"Double Lit\" \/><\/a><\/figure><figure class=\"gallery-item span_1_of_3 col col-3\"><a href=\"https:\/\/campingbellerive.fr\/wp-content\/uploads\/20150621_123518-2.jpg\" title=\"\" class=\"wpex-lightbox-group-item\" data-type=\"image\"><img loading=\"lazy\" decoding=\"async\" src=\"https:\/\/campingbellerive.fr\/wp-content\/uploads\/20150621_123518-2-1024x1001.jpg\" width=\"1024\" height=\"1001\" alt=\"Deux Lits Simples\" \/><\/a><\/figure><\/div>\n\n<p style=\"text-align: center;\">\n<h5 style=\"text-align: center;\"><span style=\"font-size: 16px; font-family: 'Trebuchet MS', Helvetica, sans-serif;\"><strong>Para saborear as alegrias da autenticidade sem renunciar aos prazeres do conforto moderno, propomos-lhe as casas m\u00f3veis climatizadas<\/strong><\/span><\/h5>\n<p style=\"text-align: center;\"><a href=\"https:\/\/campingbellerive.fr\/disponibilites\/\" rel=\"attachment wp-att-3579\"><strong><span style=\"font-size: 21px; font-family: 'Trebuchet MS', Helvetica, sans-serif; color: #f19000;\">Tarifa\/Disponibilidades<\/span><\/strong><img loading=\"lazy\" decoding=\"async\" class=\"aligncenter wp-image-3579 \" src=\"http:\/\/campingbellerive.fr\/wp-content\/uploads\/logovert.png\" alt=\"logo\" width=\"44\" height=\"44\" \/><\/a><\/p>\n<h2 style=\"text-align: center;\"><span style=\"line-height: 1.5; font-size: 28px; color: #f19000; font-family: 'Trebuchet MS', Helvetica, sans-serif;\">Os Chal\u00e9s Mimosas climatizado 2 <strong><span style=\"font-family: 'Trebuchet MS', Helvetica, sans-serif; font-size: 28px; color: #f19000;\">quartos<\/span><\/strong> &#8211; 4 pessoas au Camping Paradis Bellerive<\/span><\/h2>\n<div id=\"gallery-0\" class=\"wpex-gallery wpex-row lightbox-group clr\"><figure class=\"gallery-item span_1_of_3 col col-1\"><a href=\"https:\/\/campingbellerive.fr\/wp-content\/uploads\/Chalet-05-1.jpg\" title=\"\" class=\"wpex-lightbox-group-item\" data-type=\"image\"><img loading=\"lazy\" decoding=\"async\" src=\"https:\/\/campingbellerive.fr\/wp-content\/uploads\/Chalet-05-1-1024x1001.jpg\" width=\"1024\" height=\"1001\" alt=\"Ext\u00e9rieur\" \/><\/a><\/figure><figure class=\"gallery-item span_1_of_3 col col-2\"><a href=\"https:\/\/campingbellerive.fr\/wp-content\/uploads\/20140917_154249-1.jpg\" title=\"\" class=\"wpex-lightbox-group-item\" data-type=\"image\"><img loading=\"lazy\" decoding=\"async\" src=\"https:\/\/campingbellerive.fr\/wp-content\/uploads\/20140917_154249-1-1024x1000.jpg\" width=\"1024\" height=\"1000\" alt=\"Cuisine\" \/><\/a><\/figure><figure class=\"gallery-item span_1_of_3 col col-3\"><a href=\"https:\/\/campingbellerive.fr\/wp-content\/uploads\/20140917_153906-2.jpg\" title=\"\" class=\"wpex-lightbox-group-item\" data-type=\"image\"><img loading=\"lazy\" decoding=\"async\" src=\"https:\/\/campingbellerive.fr\/wp-content\/uploads\/20140917_153906-2-1024x1000.jpg\" width=\"1024\" height=\"1000\" alt=\"Lit Double\" \/><\/a><\/figure><figure class=\"gallery-item span_1_of_3 col col-1\"><a href=\"https:\/\/campingbellerive.fr\/wp-content\/uploads\/20140917_153951-1.jpg\" title=\"\" class=\"wpex-lightbox-group-item\" data-type=\"image\"><img loading=\"lazy\" decoding=\"async\" src=\"https:\/\/campingbellerive.fr\/wp-content\/uploads\/20140917_153951-1-1024x1002.jpg\" width=\"1024\" height=\"1002\" alt=\"Lits Simples\" \/><\/a><\/figure><figure class=\"gallery-item span_1_of_3 col col-2\"><a href=\"https:\/\/campingbellerive.fr\/wp-content\/uploads\/20140917_154013-1.jpg\" title=\"\" class=\"wpex-lightbox-group-item\" data-type=\"image\"><img loading=\"lazy\" decoding=\"async\" src=\"https:\/\/campingbellerive.fr\/wp-content\/uploads\/20140917_154013-1-1024x999.jpg\" width=\"1024\" height=\"999\" alt=\"Sanitaire\" \/><\/a><\/figure><figure class=\"gallery-item span_1_of_3 col col-3\"><a href=\"https:\/\/campingbellerive.fr\/wp-content\/uploads\/20140917_154619-2.jpg\" title=\"\" class=\"wpex-lightbox-group-item\" data-type=\"image\"><img loading=\"lazy\" decoding=\"async\" src=\"https:\/\/campingbellerive.fr\/wp-content\/uploads\/20140917_154619-2-1024x1001.jpg\" width=\"1024\" height=\"1001\" alt=\"Terrasse\" \/><\/a><\/figure><\/div>\n\n<h5 style=\"text-align: left;\"><a href=\"http:\/\/campingbellerive.fr\/wp-content\/uploads\/20160609_122416.jpg\" rel=\"attachment wp-att-3433\"><img loading=\"lazy\" decoding=\"async\" class=\"alignnone size-large wp-image-3433\" src=\"http:\/\/campingbellerive.fr\/wp-content\/uploads\/20160609_122416-1024x350.jpg\" alt=\"20160609_122416\" width=\"980\" height=\"335\" srcset=\"https:\/\/campingbellerive.fr\/wp-content\/uploads\/20160609_122416-1024x350.jpg 1024w, https:\/\/campingbellerive.fr\/wp-content\/uploads\/20160609_122416-300x102.jpg 300w, https:\/\/campingbellerive.fr\/wp-content\/uploads\/20160609_122416-768x262.jpg 768w, https:\/\/campingbellerive.fr\/wp-content\/uploads\/20160609_122416.jpg 1280w\" sizes=\"auto, (max-width: 980px) 100vw, 980px\" \/><\/a><\/h5>\n<h5 style=\"text-align: center;\"><span style=\"font-size: 16px; font-family: 'Trebuchet MS', Helvetica, sans-serif;\"><strong>Para saborear as alegrias da autenticidade sem renunciar aos prazeres do conforto moderno, propomos-lhe os chal\u00e9s Mimosas climatizados.<\/strong><\/span><\/h5>\n<p style=\"text-align: center;\"><span style=\"font-size: 21px; color: #f19000; font-family: 'Trebuchet MS', Helvetica, sans-serif;\"><strong><a style=\"color: #f19000;\" href=\"https:\/\/campingbellerive.fr\/disponibilites\/\" rel=\"attachment wp-att-3579\">Tarifa\/Disponibilidades<\/a><\/strong><\/span><a href=\"https:\/\/campingbellerive.fr\/disponibilites\/\" rel=\"attachment wp-att-3579\"><img loading=\"lazy\" decoding=\"async\" class=\"aligncenter wp-image-3579 \" src=\"http:\/\/campingbellerive.fr\/wp-content\/uploads\/logovert.png\" alt=\"logo\" width=\"44\" height=\"44\" \/><\/a><\/p>\n<h2 style=\"text-align: center;\"><span style=\"line-height: 1.5; font-size: 28px; color: #f19000; font-family: 'Trebuchet MS', Helvetica, sans-serif;\">Os Chal\u00e9s Lauriers<\/span><span style=\"line-height: 1.5; font-size: 28px; color: #f19000; font-family: 'Trebuchet MS', Helvetica, sans-serif;\">\u00a02 <strong><span style=\"font-family: 'Trebuchet MS', Helvetica, sans-serif; font-size: 28px; color: #f19000;\">quartos<\/span><\/strong> &#8211; 4 pessoas au Camping Paradis Bellerive<\/span><\/h2>\n<div id=\"gallery-0\" class=\"wpex-gallery wpex-row lightbox-group clr\"><figure class=\"gallery-item span_1_of_3 col col-1\"><a href=\"https:\/\/campingbellerive.fr\/wp-content\/uploads\/DSC_0079-1.jpg\" title=\"\" class=\"wpex-lightbox-group-item\" data-type=\"image\"><img loading=\"lazy\" decoding=\"async\" src=\"https:\/\/campingbellerive.fr\/wp-content\/uploads\/DSC_0079-1-1024x999.jpg\" width=\"1024\" height=\"999\" alt=\"Ext\u00e9rieur\" \/><\/a><\/figure><figure class=\"gallery-item span_1_of_3 col col-2\"><a href=\"https:\/\/campingbellerive.fr\/wp-content\/uploads\/Cuisine-2.jpg\" title=\"\" class=\"wpex-lightbox-group-item\" data-type=\"image\"><img loading=\"lazy\" decoding=\"async\" src=\"https:\/\/campingbellerive.fr\/wp-content\/uploads\/Cuisine-2-1024x993.jpg\" width=\"1024\" height=\"993\" alt=\"Cuisine\" \/><\/a><\/figure><figure class=\"gallery-item span_1_of_3 col col-3\"><a href=\"https:\/\/campingbellerive.fr\/wp-content\/uploads\/20131002_110409-1.jpg\" title=\"\" class=\"wpex-lightbox-group-item\" data-type=\"image\"><img loading=\"lazy\" decoding=\"async\" src=\"https:\/\/campingbellerive.fr\/wp-content\/uploads\/20131002_110409-1-1024x1000.jpg\" width=\"1024\" height=\"1000\" alt=\"Lit Double\" \/><\/a><\/figure><figure class=\"gallery-item span_1_of_3 col col-1\"><a href=\"https:\/\/campingbellerive.fr\/wp-content\/uploads\/20131002_110420-1.jpg\" title=\"\" class=\"wpex-lightbox-group-item\" data-type=\"image\"><img loading=\"lazy\" decoding=\"async\" src=\"https:\/\/campingbellerive.fr\/wp-content\/uploads\/20131002_110420-1-1024x1001.jpg\" width=\"1024\" height=\"1001\" alt=\"Lits Simples\" \/><\/a><\/figure><figure class=\"gallery-item span_1_of_3 col col-2\"><a href=\"https:\/\/campingbellerive.fr\/wp-content\/uploads\/20131002_110432-1.jpg\" title=\"\" class=\"wpex-lightbox-group-item\" data-type=\"image\"><img loading=\"lazy\" decoding=\"async\" src=\"https:\/\/campingbellerive.fr\/wp-content\/uploads\/20131002_110432-1-1024x1001.jpg\" width=\"1024\" height=\"1001\" alt=\"Sanitaire\" \/><\/a><\/figure><figure class=\"gallery-item span_1_of_3 col col-3\"><a href=\"https:\/\/campingbellerive.fr\/wp-content\/uploads\/DSC_0098-1.jpg\" title=\"\" class=\"wpex-lightbox-group-item\" data-type=\"image\"><img loading=\"lazy\" decoding=\"async\" src=\"https:\/\/campingbellerive.fr\/wp-content\/uploads\/DSC_0098-1-1024x999.jpg\" width=\"1024\" height=\"999\" alt=\"Ext\u00e9rieur\" \/><\/a><\/figure><\/div>\n\n<h5 style=\"text-align: center;\"><span style=\"font-size: 16px; font-family: 'Trebuchet MS', Helvetica, sans-serif;\"><strong>Para saborear as alegrias da autenticidade sem renunciar aos prazeres do conforto moderno, propomos-lhe os chal\u00e9s Lauriers<\/strong><\/span><\/h5>\n<p style=\"text-align: center;\"><span style=\"font-size: 21px; color: #f19000; font-family: 'Trebuchet MS', Helvetica, sans-serif;\"><strong><a style=\"color: #f19000;\" href=\"https:\/\/campingbellerive.fr\/disponibilites\/\" rel=\"attachment wp-att-3579\">Tarifa\/Disponibilidades<\/a><\/strong><\/span><\/p>\n<p style=\"text-align: center;\"><a href=\"https:\/\/campingbellerive.fr\/disponibilites\/\" rel=\"attachment wp-att-3579\"><img loading=\"lazy\" decoding=\"async\" class=\"aligncenter wp-image-3579 \" src=\"http:\/\/campingbellerive.fr\/wp-content\/uploads\/logovert.png\" alt=\"logo\" width=\"44\" height=\"44\" \/><\/a><\/p>\n<h2 style=\"text-align: center;\"><span style=\"color: #f19000; font-family: 'Trebuchet MS', Helvetica, sans-serif;\">As tendas Muguets <\/span><span style=\"line-height: 1.5; font-size: 28px; color: #f19000; font-family: 'Trebuchet MS', Helvetica, sans-serif;\">2 <strong><span style=\"font-family: 'Trebuchet MS', Helvetica, sans-serif; font-size: 28px; color: #f19000;\">quartos<\/span><\/strong> &#8211; 4 pessoas au Camping Paradis Bellerive<\/span><\/h2>\n<div id=\"gallery-0\" class=\"wpex-gallery wpex-row lightbox-group clr\"><figure class=\"gallery-item span_1_of_3 col col-1\"><a href=\"https:\/\/campingbellerive.fr\/wp-content\/uploads\/20180911_163238.jpg\" title=\"\" class=\"wpex-lightbox-group-item\" data-type=\"image\"><img loading=\"lazy\" decoding=\"async\" src=\"https:\/\/campingbellerive.fr\/wp-content\/uploads\/20180911_163238-1024x1024.jpg\" width=\"1024\" height=\"1024\" alt=\"20180911 163238\" \/><\/a><\/figure><figure class=\"gallery-item span_1_of_3 col col-2\"><a href=\"https:\/\/campingbellerive.fr\/wp-content\/uploads\/20180911_162953.jpg\" title=\"\" class=\"wpex-lightbox-group-item\" data-type=\"image\"><img loading=\"lazy\" decoding=\"async\" src=\"https:\/\/campingbellerive.fr\/wp-content\/uploads\/20180911_162953-1024x1024.jpg\" width=\"1024\" height=\"1024\" alt=\"20180911 162953\" \/><\/a><\/figure><figure class=\"gallery-item span_1_of_3 col col-3\"><a href=\"https:\/\/campingbellerive.fr\/wp-content\/uploads\/20180911_163001.jpg\" title=\"\" class=\"wpex-lightbox-group-item\" data-type=\"image\"><img loading=\"lazy\" decoding=\"async\" src=\"https:\/\/campingbellerive.fr\/wp-content\/uploads\/20180911_163001-1024x1024.jpg\" width=\"1024\" height=\"1024\" alt=\"20180911 163001\" \/><\/a><\/figure><figure class=\"gallery-item span_1_of_3 col col-1\"><a href=\"https:\/\/campingbellerive.fr\/wp-content\/uploads\/20180911_163318.jpg\" title=\"\" class=\"wpex-lightbox-group-item\" data-type=\"image\"><img loading=\"lazy\" decoding=\"async\" src=\"https:\/\/campingbellerive.fr\/wp-content\/uploads\/20180911_163318-1024x1024.jpg\" width=\"1024\" height=\"1024\" alt=\"20180911 163318\" \/><\/a><\/figure><figure class=\"gallery-item span_1_of_3 col col-2\"><a href=\"https:\/\/campingbellerive.fr\/wp-content\/uploads\/20180911_161804.jpg\" title=\"\" class=\"wpex-lightbox-group-item\" data-type=\"image\"><img loading=\"lazy\" decoding=\"async\" src=\"https:\/\/campingbellerive.fr\/wp-content\/uploads\/20180911_161804-1024x1024.jpg\" width=\"1024\" height=\"1024\" alt=\"20180911 161804\" \/><\/a><\/figure><\/div>\n\n<h5 style=\"text-align: center;\"><span style=\"font-size: 16px; font-family: 'Trebuchet MS', Helvetica, sans-serif;\"><strong>Para saborear as alegrias da autenticidade sem renunciar aos prazeres do conforto moderno, propomos-lhe as tendas.<\/strong><\/span><\/h5>\n<p style=\"text-align: center;\"><span style=\"color: #f19000; font-family: 'Trebuchet MS', Helvetica, sans-serif;\"><strong><a style=\"color: #f19000;\" href=\"https:\/\/campingbellerive.fr\/disponibilites\/\" rel=\"attachment wp-att-3579\">Tarifa\/Disponibilidades<\/a><\/strong><\/span><a href=\"https:\/\/campingbellerive.fr\/disponibilites\/\" rel=\"attachment wp-att-3579\"><img loading=\"lazy\" decoding=\"async\" class=\"aligncenter wp-image-3579 \" src=\"http:\/\/campingbellerive.fr\/wp-content\/uploads\/logovert.png\" alt=\"logo\" width=\"44\" height=\"44\" \/><\/a><\/p>\n<h2 style=\"text-align: center;\"><span style=\"line-height: 1.5; font-size: 28px; color: #f19000; font-family: 'Trebuchet MS', Helvetica, sans-serif;\">Les emplacements au Camping Paradis Bellerive<\/span><\/h2>\n<div id=\"gallery-0\" class=\"wpex-gallery wpex-row lightbox-group clr\"><figure class=\"gallery-item span_1_of_3 col col-1\"><a href=\"https:\/\/campingbellerive.fr\/wp-content\/uploads\/Hamac06-vertical-1.jpg\" title=\"\" class=\"wpex-lightbox-group-item\" data-type=\"image\"><img loading=\"lazy\" decoding=\"async\" src=\"https:\/\/campingbellerive.fr\/wp-content\/uploads\/Hamac06-vertical-1-1024x1002.jpg\" width=\"1024\" height=\"1002\" alt=\"Hamac\" \/><\/a><\/figure><figure class=\"gallery-item span_1_of_3 col col-2\"><a href=\"https:\/\/campingbellerive.fr\/wp-content\/uploads\/Caravannes-1.jpg\" title=\"\" class=\"wpex-lightbox-group-item\" data-type=\"image\"><img loading=\"lazy\" decoding=\"async\" src=\"https:\/\/campingbellerive.fr\/wp-content\/uploads\/Caravannes-1-1024x1001.jpg\" width=\"1024\" height=\"1001\" alt=\"Caravannes\" \/><\/a><\/figure><figure class=\"gallery-item span_1_of_3 col col-3\"><a href=\"https:\/\/campingbellerive.fr\/wp-content\/uploads\/Tentes-1.jpg\" title=\"\" class=\"wpex-lightbox-group-item\" data-type=\"image\"><img loading=\"lazy\" decoding=\"async\" src=\"https:\/\/campingbellerive.fr\/wp-content\/uploads\/Tentes-1-1024x1001.jpg\" width=\"1024\" height=\"1001\" alt=\"Tentes\" \/><\/a><\/figure><figure class=\"gallery-item span_1_of_3 col col-1\"><a href=\"https:\/\/campingbellerive.fr\/wp-content\/uploads\/20210520_162236-scaled.jpg\" title=\"\" class=\"wpex-lightbox-group-item\" data-type=\"image\"><img loading=\"lazy\" decoding=\"async\" src=\"https:\/\/campingbellerive.fr\/wp-content\/uploads\/20210520_162236-scaled-1024x1024.jpg\" width=\"1024\" height=\"1024\" alt=\"20210520 162236\" \/><\/a><\/figure><figure class=\"gallery-item span_1_of_3 col col-2\"><a href=\"https:\/\/campingbellerive.fr\/wp-content\/uploads\/Photo-emplacement-2.jpg\" title=\"\" class=\"wpex-lightbox-group-item\" data-type=\"image\"><img loading=\"lazy\" decoding=\"async\" src=\"https:\/\/campingbellerive.fr\/wp-content\/uploads\/Photo-emplacement-2-1024x961.jpg\" width=\"1024\" height=\"961\" alt=\"Photo Emplacement 2\" \/><\/a><\/figure><figure class=\"gallery-item span_1_of_3 col col-3\"><a href=\"https:\/\/campingbellerive.fr\/wp-content\/uploads\/Photo-emplacements-1.jpg\" title=\"\" class=\"wpex-lightbox-group-item\" data-type=\"image\"><img loading=\"lazy\" decoding=\"async\" src=\"https:\/\/campingbellerive.fr\/wp-content\/uploads\/Photo-emplacements-1-1024x961.jpg\" width=\"1024\" height=\"961\" alt=\"Photo Emplacements 1\" \/><\/a><\/figure><figure class=\"gallery-item span_1_of_3 col col-1\"><a href=\"https:\/\/campingbellerive.fr\/wp-content\/uploads\/Sanitaires-Hommes-1.jpg\" title=\"\" class=\"wpex-lightbox-group-item\" data-type=\"image\"><img loading=\"lazy\" decoding=\"async\" src=\"https:\/\/campingbellerive.fr\/wp-content\/uploads\/Sanitaires-Hommes-1-1024x999.jpg\" width=\"1024\" height=\"999\" alt=\"Sanitaires Hommes\" \/><\/a><\/figure><figure class=\"gallery-item span_1_of_3 col col-2\"><a href=\"https:\/\/campingbellerive.fr\/wp-content\/uploads\/Sanitaires-Dames-1.jpg\" title=\"\" class=\"wpex-lightbox-group-item\" data-type=\"image\"><img loading=\"lazy\" decoding=\"async\" src=\"https:\/\/campingbellerive.fr\/wp-content\/uploads\/Sanitaires-Dames-1-1024x1001.jpg\" width=\"1024\" height=\"1001\" alt=\"Sanitaires Dames\" \/><\/a><\/figure><figure class=\"gallery-item span_1_of_3 col col-3\"><a href=\"https:\/\/campingbellerive.fr\/wp-content\/uploads\/machine-a-laver-3.jpg\" title=\"\" class=\"wpex-lightbox-group-item\" data-type=\"image\"><img loading=\"lazy\" decoding=\"async\" src=\"https:\/\/campingbellerive.fr\/wp-content\/uploads\/machine-a-laver-3-1024x999.jpg\" width=\"1024\" height=\"999\" alt=\"Machine \u00e0 Laver\" \/><\/a><\/figure><figure class=\"gallery-item span_1_of_3 col col-1\"><a href=\"https:\/\/campingbellerive.fr\/wp-content\/uploads\/Pingpong-1.jpg\" title=\"\" class=\"wpex-lightbox-group-item\" data-type=\"image\"><img loading=\"lazy\" decoding=\"async\" src=\"https:\/\/campingbellerive.fr\/wp-content\/uploads\/Pingpong-1-1024x1000.jpg\" width=\"1024\" height=\"1000\" alt=\"Pinpong\" \/><\/a><\/figure><figure class=\"gallery-item span_1_of_3 col col-2\"><a href=\"https:\/\/campingbellerive.fr\/wp-content\/uploads\/Gardon-2.jpg\" title=\"\" class=\"wpex-lightbox-group-item\" data-type=\"image\"><img loading=\"lazy\" decoding=\"async\" src=\"https:\/\/campingbellerive.fr\/wp-content\/uploads\/Gardon-2-1024x1003.jpg\" width=\"1024\" height=\"1003\" alt=\"Gardon\" \/><\/a><\/figure><figure class=\"gallery-item span_1_of_3 col col-3\"><a href=\"https:\/\/campingbellerive.fr\/wp-content\/uploads\/Emplacements-1-1.jpg\" title=\"\" class=\"wpex-lightbox-group-item\" data-type=\"image\"><img loading=\"lazy\" decoding=\"async\" src=\"https:\/\/campingbellerive.fr\/wp-content\/uploads\/Emplacements-1-1-1024x1002.jpg\" width=\"1024\" height=\"1002\" alt=\"Emplacement\" \/><\/a><\/figure><figure class=\"gallery-item span_1_of_3 col col-1\"><a href=\"https:\/\/campingbellerive.fr\/wp-content\/uploads\/Emplacement-2-1.jpg\" title=\"\" class=\"wpex-lightbox-group-item\" data-type=\"image\"><img loading=\"lazy\" decoding=\"async\" src=\"https:\/\/campingbellerive.fr\/wp-content\/uploads\/Emplacement-2-1-1024x1001.jpg\" width=\"1024\" height=\"1001\" alt=\"Emplacement\" \/><\/a><\/figure><figure class=\"gallery-item span_1_of_3 col col-2\"><a href=\"https:\/\/campingbellerive.fr\/wp-content\/uploads\/Canoe-2-1.jpg\" title=\"\" class=\"wpex-lightbox-group-item\" data-type=\"image\"><img loading=\"lazy\" decoding=\"async\" src=\"https:\/\/campingbellerive.fr\/wp-content\/uploads\/Canoe-2-1-1024x999.jpg\" width=\"1024\" height=\"999\" alt=\"Canoe\" \/><\/a><\/figure><figure class=\"gallery-item span_1_of_3 col col-3\"><a href=\"https:\/\/campingbellerive.fr\/wp-content\/uploads\/Screen-Shot-2016-01-03-at-17.13.14.png\" title=\"\" class=\"wpex-lightbox-group-item\" data-type=\"image\"><img loading=\"lazy\" decoding=\"async\" src=\"https:\/\/campingbellerive.fr\/wp-content\/uploads\/Screen-Shot-2016-01-03-at-17.13.14.png\" width=\"525\" height=\"533\" alt=\"Servitudes Caravanne\" \/><\/a><\/figure><\/div>\n\n<p style=\"text-align: center;\">\n<p style=\"text-align: center;\">Em 2,8 hectares, os lugares s\u00e3o confort\u00e1veis e arborizados, distribu\u00eddos em redor de instala\u00e7\u00f5es sanit\u00e1rias renovadas.<\/p>\n<p style=\"text-align: center;\">A electricidade (10 amperes) \u00e9 fornecida nos lugares confort\u00e1veis. Os acessos s\u00e3o f\u00e1ceis.<\/p>\n<p style=\"text-align: center;\"><span style=\"font-size: 21px; color: #f19000; font-family: 'Trebuchet MS', Helvetica, sans-serif;\"><strong><a style=\"color: #f19000;\" href=\"https:\/\/campingbellerive.fr\/disponibilites\/\" rel=\"attachment wp-att-3579\">Tarifa\/Disponibilidades<\/a><\/strong><\/span><br \/>\n<a href=\"https:\/\/campingbellerive.fr\/disponibilites\/\" rel=\"attachment wp-att-3579\"><img loading=\"lazy\" decoding=\"async\" class=\"aligncenter wp-image-3579 \" src=\"http:\/\/campingbellerive.fr\/wp-content\/uploads\/logovert.png\" alt=\"logo\" width=\"44\" height=\"44\" \/><\/a><\/p>\n","protected":false},"excerpt":{"rendered":"<p>Alojamentos e locais no camping Paradis Bellerive Os Lavandes climatizado (casa m\u00f3vel) 2 quartos &#8211; 6 pessoas no Camping Paradis Bellerive Para saborear as alegrias da autenticidade sem renunciar aos prazeres do conforto moderno, propomos-lhe as casas m\u00f3veis climatizadas Tarifa\/Disponibilidades&hellip;<\/p>\n","protected":false},"author":2,"featured_media":0,"parent":0,"menu_order":0,"comment_status":"closed","ping_status":"closed","template":"","meta":{"_monsterinsights_skip_tracking":false,"_monsterinsights_sitenote_active":false,"_monsterinsights_sitenote_note":"","_monsterinsights_sitenote_category":0,"_uf_show_specific_survey":0,"_uf_disable_surveys":false,"footnotes":""},"class_list":["post-5334","page","type-page","status-publish","hentry","entry"],"aioseo_notices":[],"_links":{"self":[{"href":"https:\/\/campingbellerive.fr\/pt-pt\/wp-json\/wp\/v2\/pages\/5334\/"}],"collection":[{"href":"https:\/\/campingbellerive.fr\/pt-pt\/wp-json\/wp\/v2\/pages\/"}],"about":[{"href":"https:\/\/campingbellerive.fr\/pt-pt\/wp-json\/wp\/v2\/types\/page\/"}],"author":[{"embeddable":true,"href":"https:\/\/campingbellerive.fr\/pt-pt\/wp-json\/wp\/v2\/users\/2\/"}],"replies":[{"embeddable":true,"href":"https:\/\/campingbellerive.fr\/pt-pt\/wp-json\/wp\/v2\/comments\/?post=5334"}],"version-history":[{"count":2,"href":"https:\/\/campingbellerive.fr\/pt-pt\/wp-json\/wp\/v2\/pages\/5334\/revisions\/"}],"predecessor-version":[{"id":5338,"href":"https:\/\/campingbellerive.fr\/pt-pt\/wp-json\/wp\/v2\/pages\/5334\/revisions\/5338\/"}],"wp:attachment":[{"href":"https:\/\/campingbellerive.fr\/pt-pt\/wp-json\/wp\/v2\/media\/?parent=5334"}],"curies":[{"name":"wp","href":"https:\/\/api.w.org\/{rel}","templated":true}]}}