{"id":5356,"date":"2016-02-07T16:03:35","date_gmt":"2016-02-07T15:03:35","guid":{"rendered":"https:\/\/campingbellerive.fr\/?page_id=5356"},"modified":"2026-04-13T18:16:27","modified_gmt":"2026-04-13T16:16:27","slug":"bienvenue-4","status":"publish","type":"page","link":"https:\/\/campingbellerive.fr\/en\/","title":{"rendered":"Accueil !"},"content":{"rendered":"<p><script>\n    (function(t,h,e,l,i,s,R,E,S,A){\n        t[i]={},t[i][s]=t[i][s]||function(){\n            if(1===arguments.length){return t[i].a[arguments[0]]||null}\n            else{t[i].a=t[i].a||[]; t[i].a[arguments[0]] = arguments[1];}\n        },\n            R=h.createElement(e),E=h.getElementsByTagName(e)[0];\n        R.async=1;R.src=l;E.parentNode.insertBefore(R,E)\n    })(window,document,\"script\",\"https:\/\/thelisresa.webcamp.fr\/ilib\/v4\/?categories&favorites&onenight&searchengine&simpleblock\",\"thelisresa\",\"ilib\");\n    thelisresa.ilib('camping', 'bellerive');\n    thelisresa.ilib('language', 'fr');\n<\/script><\/p>\n<p>&nbsp;<\/p>\n<h1><\/h1>\n<h1 style=\"text-align: center;\"><span style=\"font-size: 24px;\"><em><span style=\"color: #f19000;\">+33 (0)4 66 57 20 79<\/span><\/em><\/span><\/h1>\n<h1 style=\"text-align: center;\"><span style=\"font-size: 24px;\"><em><span style=\"color: #f19000;\">info@campingbellerive.fr<\/span><\/em><\/span><\/h1>\n<h1 style=\"text-align: center;\"><span style=\"color: #36bdef;\"><strong><span style=\"font-family: 'Trebuchet MS', Helvetica, sans-serif;\"><a style=\"color: #36bdef;\" href=\"https:\/\/campingbellerive.fr\/bienvenue-4\/smiley\/\" rel=\"attachment wp-att-4671\"><img loading=\"lazy\" decoding=\"async\" class=\"alignnone wp-image-4671\" src=\"https:\/\/campingbellerive.fr\/wp-content\/uploads\/smiley.jpg\" alt=\"\" width=\"94\" height=\"85\" \/><\/a><\/span><\/strong><\/span><\/h1>\n<div id=\"cc-m-8933294186\" class=\"j-module n j-header \">\n<h1 class=\"\" style=\"text-align: center;\"><span style=\"color: #f19000; font-size: 36px;\"><span style=\"font-family: 'Trebuchet MS', Helvetica, sans-serif;\"><span style=\"color: #36bdef;\">Votre Camping Paradis Bellerive*** <\/span><\/span><\/span><\/h1>\n<h1 class=\"\" style=\"text-align: center;\"><span style=\"color: #f19000; font-size: 36px;\"><span style=\"font-family: 'Trebuchet MS', Helvetica, sans-serif;\"><span style=\"color: #36bdef;\"><span style=\"color: #f19000;\">Un v\u00e9ritable Havre de Paix ombrag\u00e9 en bord de rivi\u00e8<\/span><\/span>re,<\/span><\/span><\/h1>\n<h1 class=\"\" style=\"text-align: center;\"><span style=\"font-size: 36px; font-family: 'Trebuchet MS', Helvetica, sans-serif; color: #f19000;\">\u00e0 10 minutes du Pont du Gard!<\/span><\/h1>\n<h1 class=\"\" style=\"text-align: center;\"><span style=\"font-size: 36px; font-family: 'Trebuchet MS', Helvetica, sans-serif; color: #f19000;\"><a href=\"https:\/\/campingbellerive.fr\/bienvenue-4\/20250407_171541\/\" rel=\"attachment wp-att-5262\"><img loading=\"lazy\" decoding=\"async\" class=\"alignnone wp-image-5262\" src=\"https:\/\/campingbellerive.fr\/wp-content\/uploads\/20250407_171541-1024x1024.jpg\" alt=\"\" width=\"345\" height=\"345\" srcset=\"https:\/\/campingbellerive.fr\/wp-content\/uploads\/20250407_171541-1024x1024.jpg 1024w, https:\/\/campingbellerive.fr\/wp-content\/uploads\/20250407_171541-300x300.jpg 300w, https:\/\/campingbellerive.fr\/wp-content\/uploads\/20250407_171541-150x150.jpg 150w, https:\/\/campingbellerive.fr\/wp-content\/uploads\/20250407_171541-768x768.jpg 768w, https:\/\/campingbellerive.fr\/wp-content\/uploads\/20250407_171541-1536x1536.jpg 1536w, https:\/\/campingbellerive.fr\/wp-content\/uploads\/20250407_171541-2048x2048.jpg 2048w\" sizes=\"auto, (max-width: 345px) 100vw, 345px\" \/><\/a><a href=\"https:\/\/campingbellerive.fr\/bienvenue-4\/attachment\/1000009294\/\" rel=\"attachment wp-att-5253\"><img loading=\"lazy\" decoding=\"async\" class=\"alignnone wp-image-5253\" src=\"https:\/\/campingbellerive.fr\/wp-content\/uploads\/1000009294-1024x1024.jpg\" alt=\"\" width=\"345\" height=\"345\" srcset=\"https:\/\/campingbellerive.fr\/wp-content\/uploads\/1000009294-1024x1024.jpg 1024w, https:\/\/campingbellerive.fr\/wp-content\/uploads\/1000009294-300x300.jpg 300w, https:\/\/campingbellerive.fr\/wp-content\/uploads\/1000009294-150x150.jpg 150w, https:\/\/campingbellerive.fr\/wp-content\/uploads\/1000009294-768x768.jpg 768w, https:\/\/campingbellerive.fr\/wp-content\/uploads\/1000009294-1536x1536.jpg 1536w, https:\/\/campingbellerive.fr\/wp-content\/uploads\/1000009294-2048x2048.jpg 2048w\" sizes=\"auto, (max-width: 345px) 100vw, 345px\" \/><\/a><\/span><\/h1>\n<h1 class=\"\" style=\"text-align: center;\"><span style=\"font-size: 36px; font-family: 'Trebuchet MS', Helvetica, sans-serif; color: #f19000;\"><a href=\"https:\/\/campingbellerive.fr\/bienvenue-4\/attachment\/1000010594\/\" rel=\"attachment wp-att-5244\"><img loading=\"lazy\" decoding=\"async\" class=\"alignnone wp-image-5244\" src=\"https:\/\/campingbellerive.fr\/wp-content\/uploads\/1000010594-1024x1024.jpg\" alt=\"\" width=\"347\" height=\"347\" srcset=\"https:\/\/campingbellerive.fr\/wp-content\/uploads\/1000010594-1024x1024.jpg 1024w, https:\/\/campingbellerive.fr\/wp-content\/uploads\/1000010594-300x300.jpg 300w, https:\/\/campingbellerive.fr\/wp-content\/uploads\/1000010594-150x150.jpg 150w, https:\/\/campingbellerive.fr\/wp-content\/uploads\/1000010594-768x768.jpg 768w, https:\/\/campingbellerive.fr\/wp-content\/uploads\/1000010594-1536x1536.jpg 1536w, https:\/\/campingbellerive.fr\/wp-content\/uploads\/1000010594-2048x2048.jpg 2048w\" sizes=\"auto, (max-width: 347px) 100vw, 347px\" \/><\/a><a href=\"https:\/\/campingbellerive.fr\/bienvenue-4\/20240603_111913\/\" rel=\"attachment wp-att-5100\"><img loading=\"lazy\" decoding=\"async\" class=\"alignnone wp-image-5100\" src=\"https:\/\/campingbellerive.fr\/wp-content\/uploads\/20240603_111913-1024x1024.jpg\" alt=\"\" width=\"347\" height=\"347\" srcset=\"https:\/\/campingbellerive.fr\/wp-content\/uploads\/20240603_111913-1024x1024.jpg 1024w, https:\/\/campingbellerive.fr\/wp-content\/uploads\/20240603_111913-300x300.jpg 300w, https:\/\/campingbellerive.fr\/wp-content\/uploads\/20240603_111913-150x150.jpg 150w, https:\/\/campingbellerive.fr\/wp-content\/uploads\/20240603_111913-768x768.jpg 768w, https:\/\/campingbellerive.fr\/wp-content\/uploads\/20240603_111913-1536x1536.jpg 1536w, https:\/\/campingbellerive.fr\/wp-content\/uploads\/20240603_111913-2048x2048.jpg 2048w\" sizes=\"auto, (max-width: 347px) 100vw, 347px\" \/><\/a><\/span><\/h1>\n<p style=\"text-align: center;\"><span style=\"font-family: 'Trebuchet MS', Helvetica, sans-serif; font-size: 24px; color: #f19000;\">Avec votre <span style=\"color: #36bdef;\">Animateur<\/span>\u00a0pour les petits et les grands!<\/span><\/p>\n<p style=\"text-align: center;\"><span style=\"font-family: 'Trebuchet MS', Helvetica, sans-serif; font-size: 24px; color: #f19000;\">Sans oublier <a href=\"https:\/\/campingbellerive.fr\/le-paradis-des-stars\/\"><span style=\"color: #36bdef;\">le Paradis des Stars<\/span><\/a>!<\/span><\/p>\n<\/div>\n<div id=\"cc-m-9785782886\" class=\"j-module n j-hgrid \" style=\"text-align: center;\">\n<div class=\"cc-m-hgrid-column\">\n<div id=\"cc-matrix-2484099086\">\n<div id=\"cc-m-9785783186\" class=\"j-module n j-imageSubtitle \">\n<div class=\"cc-clear\">\n<div id=\"attachment_5546\" style=\"width: 567px\" class=\"wp-caption aligncenter\"><a href=\"https:\/\/campingbellerive.fr\/le-paradis-des-stars\/bellerive\/\" rel=\"attachment wp-att-5546\"><img loading=\"lazy\" decoding=\"async\" aria-describedby=\"caption-attachment-5546\" class=\" wp-image-5546\" src=\"https:\/\/campingbellerive.fr\/wp-content\/uploads\/BELLERIVE-819x1024.jpg\" alt=\"Paradis des stars\" width=\"557\" height=\"696\" srcset=\"https:\/\/campingbellerive.fr\/wp-content\/uploads\/BELLERIVE-819x1024.jpg 819w, https:\/\/campingbellerive.fr\/wp-content\/uploads\/BELLERIVE-240x300.jpg 240w, https:\/\/campingbellerive.fr\/wp-content\/uploads\/BELLERIVE-768x960.jpg 768w, https:\/\/campingbellerive.fr\/wp-content\/uploads\/BELLERIVE.jpg 1080w\" sizes=\"auto, (max-width: 557px) 100vw, 557px\" \/><\/a><p id=\"caption-attachment-5546\" class=\"wp-caption-text\">Paradis des stars<\/p><\/div>\n<p><span style=\"color: #f19000; font-family: 'Trebuchet MS', Helvetica, sans-serif;\"><strong>Espace naturel au bord de la rivi\u00e8re avec toujours de l&#8217;eau &#8211; <\/strong><\/span><span style=\"color: #000000; font-family: 'Trebuchet MS', Helvetica, sans-serif;\">Rivi\u00e8re Le Gardon<\/span><\/p>\n<\/div>\n<\/div>\n<\/div>\n<\/div>\n<div class=\"cc-m-hgrid-separator\" data-display=\"cms-only\">\n<div><span style=\"color: #f19000; font-family: 'Trebuchet MS', Helvetica, sans-serif;\"><strong>Animations &#8211; <\/strong><\/span><span style=\"color: #000000; font-family: 'Trebuchet MS', Helvetica, sans-serif;\">Pendant les vacances scolaires en haute saison<\/span><\/div>\n<\/div>\n<div class=\"cc-m-hgrid-separator\" data-display=\"cms-only\">\n<div><span style=\"color: #f19000; font-family: 'Trebuchet MS', Helvetica, sans-serif;\"><strong>Services Bar Restaurant &#8211; <\/strong><\/span><span style=\"color: #000000; font-family: 'Trebuchet MS', Helvetica, sans-serif;\">Ouvert moyenne et haute saison<\/span><\/div>\n<\/div>\n<div class=\"cc-m-hgrid-separator\" data-display=\"cms-only\">\n<div><span style=\"color: #f19000; font-family: 'Trebuchet MS', Helvetica, sans-serif;\"><strong>Commerces &#8211; <\/strong><\/span><span style=\"color: #000000; font-family: 'Trebuchet MS', Helvetica, sans-serif;\">Villages et commerces accessibles \u00e0 pied ou en v\u00e9lo (500m)<\/span><\/div>\n<\/div>\n<div class=\"cc-m-hgrid-column last\">\n<div id=\"cc-matrix-2484099186\">\n<div id=\"cc-m-9785784786\" class=\"j-module n j-imageSubtitle \">\n<div class=\"cc-clear\"><span style=\"color: #f19000; font-family: 'Trebuchet MS', Helvetica, sans-serif;\"><strong>Assurance &#8211; <\/strong><\/span><span style=\"color: #000000; font-family: 'Trebuchet MS', Helvetica, sans-serif;\">Une assurance annulation\u00a0sur mesure<\/span><\/div>\n<\/div>\n<\/div>\n<\/div>\n<div class=\"cc-m-hgrid-overlay\" data-display=\"cms-only\"><\/div>\n<\/div>\n<div id=\"cc-m-9785782886\" class=\"j-module n j-hgrid \" style=\"text-align: center;\">\n<div id=\"cc-m-8933730986\" class=\"j-module n j-header \">\n<h2 id=\"cc-m-header-8933730986\" class=\"\"><span style=\"color: #000000; font-family: 'Trebuchet MS', Helvetica, sans-serif;\"><span style=\"color: #36bdef;\">Le Camping Paradis Bellerive***<\/span> <\/span><\/h2>\n<h2 class=\"\"><span style=\"color: #000000; font-family: 'Trebuchet MS', Helvetica, sans-serif;\"><strong>est situ\u00e9 dans le Gard proche des plus beaux sites touristiques \u00e0 la crois\u00e9e:<\/strong><\/span><\/h2>\n<h2 class=\"\"><span style=\"color: #f19000; font-family: 'Trebuchet MS', Helvetica, sans-serif;\"><strong>_ <\/strong><\/span><span style=\"color: #f19000; font-family: 'Trebuchet MS', Helvetica, sans-serif;\"><strong>De la Camargue, d<\/strong><\/span><span style=\"color: #f19000; font-family: 'Trebuchet MS', Helvetica, sans-serif;\"><strong>es Baux de Provences, <\/strong><\/span><span style=\"color: #f19000; font-family: 'Trebuchet MS', Helvetica, sans-serif;\"><strong>d<\/strong><\/span><span style=\"color: #f19000; font-family: 'Trebuchet MS', Helvetica, sans-serif;\"><strong>es C\u00e9vennes, \u00e0 deux pas de N\u00eemes, Avignon, Arles, <\/strong><\/span><\/h2>\n<h2 class=\"\"><span style=\"color: #f19000; font-family: 'Trebuchet MS', Helvetica, sans-serif;\"><strong>et \u00e0 moins de 1 heures de la M\u00e9diterran\u00e9e!<\/strong><\/span><\/h2>\n<\/div>\n<div id=\"cc-m-8933981986\" class=\"j-module n j-text \">\n<p><span style=\"color: #000000; font-family: 'Trebuchet MS', Helvetica, sans-serif;\">Sur un\u00a0<strong>terrain plat et arbor\u00e9<\/strong> de pr\u00e8s de 3 hectares, <\/span><\/p>\n<p><span style=\"color: #000000; font-family: 'Trebuchet MS', Helvetica, sans-serif;\">le <strong>Camping Paradis Bellerive*** est un <\/strong><strong>espace naturel et\u00a0<\/strong><strong>ombrag\u00e9<\/strong>, avec des chalets et des mobil homes confortables et de <strong>grands emplacements<\/strong>\u00a0dans\u00a0<strong>un havre de paix.<\/strong>\u00a0<\/span><\/p>\n<p><span style=\"color: #000000; font-family: 'Trebuchet MS', Helvetica, sans-serif;\">Un\u00a0<strong>acc\u00e8s priv\u00e9 \u00e0 la rivi\u00e8re<\/strong>.<\/span><\/p>\n<p><span style=\"color: #000000; font-family: 'Trebuchet MS', Helvetica, sans-serif;\">Un camping con\u00e7us\u00a0<strong>pour les enfants<\/strong>\u00a0o\u00f9\u00a0ils\u00a0peuvent se d\u00e9placer en toute\u00a0<strong>s\u00e9curit\u00e9<\/strong>\u00a0\u00e0 pieds ou \u00e0 v\u00e9lo, jouer et vivre des\u00a0<strong>vacances paradisiaques.<\/strong><\/span><\/p>\n<\/div>\n<div id=\"cc-m-9560014886\" class=\"j-module n j-textWithImage \"><\/div>\n<\/div>\n<p style=\"text-align: center;\"><a href=\"https:\/\/campingbellerive.fr\/jasmin-sam3\/\"><img loading=\"lazy\" decoding=\"async\" class=\"alignnone size-large wp-image-4421\" src=\"https:\/\/campingbellerive.fr\/wp-content\/uploads\/Jasmin-SAM3-1024x461.jpg\" alt=\"\" width=\"980\" height=\"441\" srcset=\"https:\/\/campingbellerive.fr\/wp-content\/uploads\/Jasmin-SAM3-1024x461.jpg 1024w, https:\/\/campingbellerive.fr\/wp-content\/uploads\/Jasmin-SAM3-300x135.jpg 300w, https:\/\/campingbellerive.fr\/wp-content\/uploads\/Jasmin-SAM3-768x345.jpg 768w, https:\/\/campingbellerive.fr\/wp-content\/uploads\/Jasmin-SAM3-1536x691.jpg 1536w, https:\/\/campingbellerive.fr\/wp-content\/uploads\/Jasmin-SAM3-2048x921.jpg 2048w\" sizes=\"auto, (max-width: 980px) 100vw, 980px\" \/><\/a><\/p>\n<p style=\"text-align: center;\"><a href=\"https:\/\/campingbellerive.fr\/photo-bar-restaurant-5\/\"><img loading=\"lazy\" decoding=\"async\" class=\" wp-image-4336\" src=\"https:\/\/campingbellerive.fr\/wp-content\/uploads\/Photo-bar-restaurant-5.jpg\" alt=\"\" width=\"980\" height=\"551\" srcset=\"https:\/\/campingbellerive.fr\/wp-content\/uploads\/Photo-bar-restaurant-5.jpg 391w, https:\/\/campingbellerive.fr\/wp-content\/uploads\/Photo-bar-restaurant-5-300x169.jpg 300w\" sizes=\"auto, (max-width: 980px) 100vw, 980px\" \/><\/a><\/p>\n<p style=\"text-align: center;\"><a href=\"https:\/\/campingbellerive.fr\/photo-les-lavandes-5\/\"><img loading=\"lazy\" decoding=\"async\" class=\"alignnone size-large wp-image-4506\" src=\"https:\/\/campingbellerive.fr\/wp-content\/uploads\/Photo-Les-Lavandes-5-1024x768.jpg\" alt=\"\" width=\"980\" height=\"735\" srcset=\"https:\/\/campingbellerive.fr\/wp-content\/uploads\/Photo-Les-Lavandes-5-1024x768.jpg 1024w, https:\/\/campingbellerive.fr\/wp-content\/uploads\/Photo-Les-Lavandes-5-300x225.jpg 300w, https:\/\/campingbellerive.fr\/wp-content\/uploads\/Photo-Les-Lavandes-5-768x576.jpg 768w, https:\/\/campingbellerive.fr\/wp-content\/uploads\/Photo-Les-Lavandes-5.jpg 1281w\" sizes=\"auto, (max-width: 980px) 100vw, 980px\" \/><\/a><img loading=\"lazy\" decoding=\"async\" class=\"alignnone wp-image-2531 \" src=\"https:\/\/campingbellerive.fr\/wp-content\/uploads\/Emplacements-1.jpg\" alt=\"Emplacement\" width=\"972\" height=\"609\" srcset=\"https:\/\/campingbellerive.fr\/wp-content\/uploads\/Emplacements-1.jpg 1600w, https:\/\/campingbellerive.fr\/wp-content\/uploads\/Emplacements-1-300x188.jpg 300w, https:\/\/campingbellerive.fr\/wp-content\/uploads\/Emplacements-1-768x481.jpg 768w, https:\/\/campingbellerive.fr\/wp-content\/uploads\/Emplacements-1-1024x641.jpg 1024w\" sizes=\"auto, (max-width: 972px) 100vw, 972px\" \/><\/p>\n<h1 style=\"text-align: center;\"><img loading=\"lazy\" decoding=\"async\" class=\"wp-image-2541 aligncenter\" src=\"https:\/\/campingbellerive.fr\/wp-content\/uploads\/Chalet-89.jpg\" alt=\"\" width=\"985\" height=\"617\" srcset=\"https:\/\/campingbellerive.fr\/wp-content\/uploads\/Chalet-89.jpg 1600w, https:\/\/campingbellerive.fr\/wp-content\/uploads\/Chalet-89-300x188.jpg 300w, https:\/\/campingbellerive.fr\/wp-content\/uploads\/Chalet-89-768x481.jpg 768w, https:\/\/campingbellerive.fr\/wp-content\/uploads\/Chalet-89-1024x641.jpg 1024w\" sizes=\"auto, (max-width: 985px) 100vw, 985px\" \/><strong><span style=\"color: #36bdef; font-family: 'Trebuchet MS', Helvetica, sans-serif;\">Voulez-vous un chalet, un mobil home, une tente,<\/span><\/strong><\/h1>\n<h1 style=\"text-align: center;\"><strong><span style=\"color: #36bdef; font-family: 'Trebuchet MS', Helvetica, sans-serif;\"> ou un emplacement en Provence?<\/span><\/strong><\/h1>\n<h2><span style=\"font-family: 'Trebuchet MS', Helvetica, sans-serif;\">Alors venez au &#8216;<span style=\"color: #f19000;\">Camping Paradis Bellerive<\/span>&#8216;. Il est situ\u00e9 entre le <strong>Rh\u00f4ne<\/strong> et le <strong>Gardon,<\/strong> \u00e0 proximit\u00e9 du <span style=\"color: #f19000;\"><strong>Pont du Gard<\/strong><\/span> (10 km), des villes de <span style=\"color: #f19000;\"><strong>N\u00eemes<\/strong><\/span>, d\u2019<span style=\"color: #f19000;\"><strong>Avignon<\/strong><\/span> et d\u2019<span style=\"color: #f19000;\"><strong>Uz\u00e8s<\/strong><\/span> (moins de 20 km).\u00a0 Non loin de grands sites touristiques comme <span style=\"color: #f19000;\"><strong>Arles<\/strong><\/span>, <span style=\"color: #f19000;\"><strong>Saint R\u00e9my de Provence<\/strong>, <strong>les Baux de Provences<\/strong>, <strong>Tarascon, <\/strong>la <strong>Camargue, Les Saintes Marie de la Mer<\/strong><\/span> et bien d\u2019autres !<\/span><\/h2>\n<h3><span style=\"font-family: 'Trebuchet MS', Helvetica, sans-serif;\">Le Camping Paradis Bellerive est bien arbor\u00e9, \u00e0 l\u2019ombre des acacias, au bord d&#8217;une rivi\u00e8re. La tranquillit\u00e9 vous sera assur\u00e9e.<\/span><br \/>\n<span style=\"font-family: 'Trebuchet MS', Helvetica, sans-serif;\">Lieu idyllique pour vous d\u00e9tendre, ainsi que pour vous ressourcer, rencontrer et partager.<\/span><\/h3>\n<div id=\"gallery-0\" class=\"wpex-gallery wpex-row lightbox-group clr\"><figure class=\"gallery-item span_1_of_3 col col-1\"><a href=\"https:\/\/campingbellerive.fr\/wp-content\/uploads\/hamac-05-L.jpg\" title=\"\" class=\"wpex-lightbox-group-item\" data-type=\"image\"><img loading=\"lazy\" decoding=\"async\" src=\"https:\/\/campingbellerive.fr\/wp-content\/uploads\/hamac-05-L-1024x1001.jpg\" width=\"1024\" height=\"1001\" alt=\"Hamac\" \/><\/a><\/figure><figure class=\"gallery-item span_1_of_3 col col-2\"><a href=\"https:\/\/campingbellerive.fr\/wp-content\/uploads\/Reception-02-L.jpg\" title=\"\" class=\"wpex-lightbox-group-item\" data-type=\"image\"><img loading=\"lazy\" decoding=\"async\" src=\"https:\/\/campingbellerive.fr\/wp-content\/uploads\/Reception-02-L-1024x999.jpg\" width=\"1024\" height=\"999\" alt=\"R\u00e9ception\" \/><\/a><\/figure><figure class=\"gallery-item span_1_of_3 col col-3\"><a href=\"https:\/\/campingbellerive.fr\/wp-content\/uploads\/Chalets-1.jpg\" title=\"\" class=\"wpex-lightbox-group-item\" data-type=\"image\"><img loading=\"lazy\" decoding=\"async\" src=\"https:\/\/campingbellerive.fr\/wp-content\/uploads\/Chalets-1-1024x999.jpg\" width=\"1024\" height=\"999\" alt=\"Chalet\" \/><\/a><\/figure><figure class=\"gallery-item span_1_of_3 col col-1\"><a href=\"https:\/\/campingbellerive.fr\/wp-content\/uploads\/Gardon-03.jpg\" title=\"\" class=\"wpex-lightbox-group-item\" data-type=\"image\"><img loading=\"lazy\" decoding=\"async\" src=\"https:\/\/campingbellerive.fr\/wp-content\/uploads\/Gardon-03-1024x1001.jpg\" width=\"1024\" height=\"1001\" alt=\"Gardon\" \/><\/a><\/figure><figure class=\"gallery-item span_1_of_3 col col-2\"><a href=\"https:\/\/campingbellerive.fr\/wp-content\/uploads\/Les-Lavandes.jpg\" title=\"\" class=\"wpex-lightbox-group-item\" data-type=\"image\"><img loading=\"lazy\" decoding=\"async\" src=\"https:\/\/campingbellerive.fr\/wp-content\/uploads\/Les-Lavandes-1024x1000.jpg\" width=\"1024\" height=\"1000\" alt=\"Les Lavandes\" \/><\/a><\/figure><\/div>\n\n<div>\n<h2 style=\"text-align: center;\"><span style=\"font-family: 'Trebuchet MS', Helvetica, sans-serif; color: #f19000;\">Aper\u00e7u g\u00e9n\u00e9ral du Camping Paradis Bellerive \u00e0 Montfrin (Gard)<\/span><\/h2>\n<\/div>\n<div style=\"width: 750px; margin-left: auto; margin-top: 100px; margin-right: auto;\">\n<div style=\"width: 640px;\" class=\"wp-video\"><video class=\"wp-video-shortcode\" id=\"video-5356-1\" width=\"640\" height=\"360\" preload=\"metadata\" controls=\"controls\"><source type=\"video\/mp4\" src=\"https:\/\/campingbellerive.fr\/wp-content\/uploads\/Video-Camping-Bellerive.mp4?_=1\" \/><a href=\"https:\/\/campingbellerive.fr\/wp-content\/uploads\/Video-Camping-Bellerive.mp4\">https:\/\/campingbellerive.fr\/wp-content\/uploads\/Video-Camping-Bellerive.mp4<\/a><\/video><\/div>\n<p><span style=\"font-family: 'Trebuchet MS', Helvetica, sans-serif;\">D\u00e9marrage : Appuyer sur la fl\u00e9chette!<\/span><\/p>\n<\/div>\n<p>&nbsp;<\/p>\n<p><span style=\"font-family: 'Trebuchet MS', Helvetica, sans-serif;\">Cette vid\u00e9o du camping Bellerive a \u00e9t\u00e9 tourn\u00e9e et produite par <a title=\"Toocamp - Guide Camping\" href=\"https:\/\/www.toocamp.com\" target=\"_blank\" rel=\"noopener\">Toocamp.com<\/a><\/span><br \/>\n<img loading=\"lazy\" decoding=\"async\" class=\"alignnone wp-image-1676\" title=\"Toocamp_Logo\" src=\"http:\/\/campingbellerive.fr\/wp-content\/uploads\/Toocamp_Logo.png\" alt=\"\" width=\"150\" height=\"65\" \/><br \/>\n<div style=\"width: 640px;\" class=\"wp-video\"><video class=\"wp-video-shortcode\" id=\"video-5356-2\" width=\"640\" height=\"360\" preload=\"metadata\" controls=\"controls\"><source type=\"video\/mp4\" src=\"https:\/\/video.toocamp.com\/medias\/campingbellerive-27850.mp4?_=2\" \/><a href=\"https:\/\/video.toocamp.com\/medias\/campingbellerive-27850.mp4\">https:\/\/video.toocamp.com\/medias\/campingbellerive-27850.mp4<\/a><\/video><\/div>\n<p>&nbsp;<\/p>\n<div style=\"width: 750px; margin-left: auto; margin-top: 100px; margin-right: auto;\"><\/div>\n<p>&nbsp;<\/p>\n<p>&nbsp;<\/p>\n<p>&nbsp;<\/p>\n<p>&nbsp;<\/p>\n<p>&nbsp;<\/p>\n","protected":false},"excerpt":{"rendered":"<p>&nbsp; +33 (0)4 66 57 20 79 info@campingbellerive.fr Votre Camping Paradis Bellerive*** Un v\u00e9ritable Havre de Paix ombrag\u00e9 en bord de rivi\u00e8re, \u00e0 10 minutes du Pont du Gard! Avec votre Animateur\u00a0pour les petits et les grands! Sans oublier le&hellip;<\/p>\n","protected":false},"author":2,"featured_media":0,"parent":0,"menu_order":0,"comment_status":"closed","ping_status":"closed","template":"","meta":{"_monsterinsights_skip_tracking":false,"_monsterinsights_sitenote_active":false,"_monsterinsights_sitenote_note":"","_monsterinsights_sitenote_category":0,"_uf_show_specific_survey":0,"_uf_disable_surveys":false,"footnotes":""},"class_list":["post-5356","page","type-page","status-publish","hentry","entry"],"aioseo_notices":[],"_links":{"self":[{"href":"https:\/\/campingbellerive.fr\/en\/wp-json\/wp\/v2\/pages\/5356\/"}],"collection":[{"href":"https:\/\/campingbellerive.fr\/en\/wp-json\/wp\/v2\/pages\/"}],"about":[{"href":"https:\/\/campingbellerive.fr\/en\/wp-json\/wp\/v2\/types\/page\/"}],"author":[{"embeddable":true,"href":"https:\/\/campingbellerive.fr\/en\/wp-json\/wp\/v2\/users\/2\/"}],"replies":[{"embeddable":true,"href":"https:\/\/campingbellerive.fr\/en\/wp-json\/wp\/v2\/comments\/?post=5356"}],"version-history":[{"count":12,"href":"https:\/\/campingbellerive.fr\/en\/wp-json\/wp\/v2\/pages\/5356\/revisions\/"}],"predecessor-version":[{"id":5576,"href":"https:\/\/campingbellerive.fr\/en\/wp-json\/wp\/v2\/pages\/5356\/revisions\/5576\/"}],"wp:attachment":[{"href":"https:\/\/campingbellerive.fr\/en\/wp-json\/wp\/v2\/media\/?parent=5356"}],"curies":[{"name":"wp","href":"https:\/\/api.w.org\/{rel}","templated":true}]}}